{"id":7,"date":"2016-12-04T22:04:57","date_gmt":"2016-12-04T21:04:57","guid":{"rendered":"http:\/\/www.cadre-romand.ch\/?page_id=7"},"modified":"2026-03-01T16:53:13","modified_gmt":"2026-03-01T15:53:13","slug":"programme","status":"publish","type":"page","link":"https:\/\/www.cadre-romand.ch\/index.php\/programme\/","title":{"rendered":"Programme"},"content":{"rendered":"\n<p>Le programme et les News sont publi\u00e9s \u00e0 chaque fin d&rsquo;ann\u00e9e, il est possible que ces derniers soient modifi\u00e9s pour des raisons organisationnelles. Dans ce cas, le programme sera mis \u00e0 jour sur le site internet et un E-mail informant des changements survenus sera envoy\u00e9 aux athl\u00e8tes.<\/p>\n\n\n\n<p><a href=\"https:\/\/www.cadre-romand.ch\/wp-content\/uploads\/2026\/03\/Prog2026_v1.1_cadre_romand.pdf\">Programme 2026<\/a><br \/><a href=\"https:\/\/www.cadre-romand.ch\/wp-content\/uploads\/2026\/03\/News2026.pdf\">News 2026<\/a><br \/><a href=\"https:\/\/www.cadre-romand.ch\/wp-content\/uploads\/2026\/03\/CadRo_Infos-PISTE-2026.pdf\">Informations PISTE 2026<\/a><\/p>\n\n\n\n<p><a href=\"https:\/\/www.cadre-romand.ch\/wp-content\/uploads\/2024\/12\/Prog2025_v1.0_cadre_romand.pdf\">Programme 2025<br \/><\/a><a href=\"https:\/\/www.cadre-romand.ch\/wp-content\/uploads\/2024\/12\/News2025.pdf\">News 2025<\/a><\/p>\n\n\n\n<p><a href=\"https:\/\/www.cadre-romand.ch\/wp-content\/uploads\/2023\/12\/Prog2024_v1.2_cadre_romand.pdf\">Programme 2024<\/a><br><a href=\"https:\/\/www.cadre-romand.ch\/wp-content\/uploads\/2023\/12\/News2024.pdf\">News 2024<\/a><\/p>\n\n\n\n<p><a href=\"https:\/\/www.cadre-romand.ch\/wp-content\/uploads\/2023\/04\/Prog2023_v1.3.pdf\" target=\"_blank\" rel=\"noopener\">Programme 2023<\/a><br><a href=\"https:\/\/www.cadre-romand.ch\/wp-content\/uploads\/2023\/04\/News2023.pdf\" target=\"_blank\" rel=\"noopener\">News 2023<\/a><\/p>\n\n\n\n<p><a href=\"https:\/\/www.cadre-romand.ch\/wp-content\/uploads\/2021\/11\/Prog2022_v1.1.pdf\">Programme 2022<\/a><br><a href=\"https:\/\/www.cadre-romand.ch\/wp-content\/uploads\/2021\/10\/News-2022.pdf\" target=\"_blank\" rel=\"noopener\">News 2022<\/a><\/p>\n\n\n\n<p><a href=\"https:\/\/www.cadre-romand.ch\/wp-content\/uploads\/2021\/03\/Prog2021_v2.0.pdf\">Programme 2021<\/a><br><a href=\"https:\/\/www.cadre-romand.ch\/wp-content\/uploads\/2020\/11\/News2021_v1.pdf\">News 2021<\/a><\/p>\n\n\n\n<p><a href=\"http:\/\/www.cadre-romand.ch\/wp-content\/uploads\/2020\/01\/Prog2020_d\u00e9f.xlsx\">Programme 2020<\/a><br><a href=\"http:\/\/www.cadre-romand.ch\/wp-content\/uploads\/2019\/12\/News2020.pdf\">News 2020<\/a><\/p>\n\n\n\n<p><a href=\"http:\/\/www.cadre-romand.ch\/wp-content\/uploads\/2018\/12\/CadRo_Programme2019.xlsx\">Programme 2019<\/a><br><a href=\"http:\/\/www.cadre-romand.ch\/wp-content\/uploads\/2018\/12\/CadRo_News-2019.pdf\">News 2019<\/a><\/p>\n\n\n\n<p><a href=\"http:\/\/www.cadre-romand.ch\/wp-content\/uploads\/2018\/05\/Cadre-Romand-Programme-2018.xlsx\">Programme 2018<\/a><\/p>\n\n\n\n<p><a href=\"http:\/\/www.cadre-romand.ch\/wp-content\/uploads\/2016\/12\/Programme_2017_CadreRomand_v3.pdf\">Programme 2017<\/a><br><a href=\"http:\/\/www.cadre-romand.ch\/wp-content\/uploads\/2016\/12\/news_2017_v2.pdf\">News 2017<\/a><\/p>\n","protected":false},"excerpt":{"rendered":"<p>Le programme et les News sont publi\u00e9s \u00e0 chaque fin d&rsquo;ann\u00e9e, il est possible que ces derniers soient modifi\u00e9s pour des raisons organisationnelles. Dans ce cas, le programme sera mis \u00e0 jour sur le site internet et un E-mail informant &hellip;<\/p>\n<p class=\"read-more\"> <a class=\"more-link\" href=\"https:\/\/www.cadre-romand.ch\/index.php\/programme\/\"> <span class=\"screen-reader-text\">Programme<\/span> Read More &raquo;<\/a><\/p>\n","protected":false},"author":1,"featured_media":0,"parent":0,"menu_order":0,"comment_status":"closed","ping_status":"closed","template":"","meta":{"footnotes":""},"class_list":["post-7","page","type-page","status-publish","hentry"],"_links":{"self":[{"href":"https:\/\/www.cadre-romand.ch\/index.php\/wp-json\/wp\/v2\/pages\/7","targetHints":{"allow":["GET"]}}],"collection":[{"href":"https:\/\/www.cadre-romand.ch\/index.php\/wp-json\/wp\/v2\/pages"}],"about":[{"href":"https:\/\/www.cadre-romand.ch\/index.php\/wp-json\/wp\/v2\/types\/page"}],"author":[{"embeddable":true,"href":"https:\/\/www.cadre-romand.ch\/index.php\/wp-json\/wp\/v2\/users\/1"}],"replies":[{"embeddable":true,"href":"https:\/\/www.cadre-romand.ch\/index.php\/wp-json\/wp\/v2\/comments?post=7"}],"version-history":[{"count":30,"href":"https:\/\/www.cadre-romand.ch\/index.php\/wp-json\/wp\/v2\/pages\/7\/revisions"}],"predecessor-version":[{"id":959,"href":"https:\/\/www.cadre-romand.ch\/index.php\/wp-json\/wp\/v2\/pages\/7\/revisions\/959"}],"wp:attachment":[{"href":"https:\/\/www.cadre-romand.ch\/index.php\/wp-json\/wp\/v2\/media?parent=7"}],"curies":[{"name":"wp","href":"https:\/\/api.w.org\/{rel}","templated":true}]}}